{"id":706,"date":"2024-01-18T23:28:47","date_gmt":"2024-01-18T22:28:47","guid":{"rendered":"https:\/\/uniomusicalmuro.org\/?page_id=706"},"modified":"2024-08-15T12:31:20","modified_gmt":"2024-08-15T10:31:20","slug":"homenatge-paco-esteve-1915-2015","status":"publish","type":"page","link":"https:\/\/uniomusicalmuro.org\/?page_id=706","title":{"rendered":"HOMENATGE PACO ESTEVE 1915-2015"},"content":{"rendered":"\n<div style=\"height:64px\" aria-hidden=\"true\" class=\"wp-block-spacer\"><\/div>\n\n\n\n<h2 class=\"wp-block-heading\">PRESENTACI\u00d3<\/h2>\n\n\n\n<p>El passat dimarts 29 d\u2019abril de 2014 a les 12 hores i en la Seu de La Uni\u00f3 Musical de Muro, va tenir lloc la Roda de prensa on es va presentar les activitats programades durant els anys 2014 i 2015 al voltant de l\u2019homenatge a Paco Esteve.<\/p>\n\n\n\n<p>La Uni\u00f3 Musical de Muro, conjuntament amb l\u2019 Excel\u00b7lent\u00edssim Ajuntament, volem retre-li un merescut homenatge a la il\u00b7lustre figura del mestre i compositor murer Francisco Esteve Pastor. Un artista que tan bona m\u00fasica ha donat al panorama musical nacional i m\u00e9s concretament al g\u00e8nere dels moros i cristians. Compositor de peces com \u201cLa Penya el Frare\u201d, \u201cA mi Muro\u201d, \u201cBrisas de Mariola\u201d, \u201cJuanjo\u201d, \u201cHomenaje\u201d, \u201cEntre moros va la cosa\u201d, \u201cBen-Amer\u201d, etc.<\/p>\n\n\n\n<div class=\"wp-block-columns is-layout-flex wp-container-core-columns-layout-1 wp-block-columns-is-layout-flex\">\n<div class=\"wp-block-column is-layout-flow wp-block-column-is-layout-flow\" style=\"flex-basis:33.33%\">\n<figure class=\"wp-block-embed is-type-video is-provider-youtube wp-block-embed-youtube wp-embed-aspect-4-3 wp-has-aspect-ratio\"><div class=\"wp-block-embed__wrapper\">\n<iframe loading=\"lazy\" title=\"1915 2015 Paco Esteve Pastor  Un m\u00fasic de Muro\" width=\"1170\" height=\"878\" src=\"https:\/\/www.youtube.com\/embed\/LrOT4ISGAoc?feature=oembed\" frameborder=\"0\" allow=\"accelerometer; autoplay; clipboard-write; encrypted-media; gyroscope; picture-in-picture; web-share\" referrerpolicy=\"strict-origin-when-cross-origin\" allowfullscreen><\/iframe>\n<\/div><\/figure>\n<\/div>\n\n\n\n<div class=\"wp-block-column is-layout-flow wp-block-column-is-layout-flow\" style=\"flex-basis:66.66%\">\n<p>No \u00e9s un homenatge a l\u2019\u00fas per una efem\u00e8ride en concret. Desitgem commemorar-ne dos en un mateix projecte. Aquest ve recolzat per institucions i persones molt properes a l\u2019\u00e0mbit cultural i musical murer, com tamb\u00e9, persones de rellevant import\u00e0ncia de la m\u00fasica del nostre poble. Entre ells, l\u2019 Excma. Diputaci\u00f3 d\u2019Alacant, la Federaci\u00f3 Junta de Festes de Moros i Cristians \u201cVerge dels Desemparats\u201d de Muro, l\u2019Institut d\u2019Hist\u00f2ria l\u2019Almoroig de Muro, l\u2019 EPSA d\u2019Alcoi, familiars del mestre Francisco Esteve, i el compositor i director murer Jose R. Pascual Vilaplana.<\/p>\n\n\n\n<p>Hem preparat doncs, una s\u00e8rie d\u2019activitats que comen\u00e7aran amb la celebraci\u00f3 dels 25 anys de la desaparici\u00f3 del m\u00fasic murer (2014), i acabaran amb la celebraci\u00f3 dels 100 anys del naixement del compositor (2015).<\/p>\n\n\n\n<p>En breu penjarem en aquest llocc&nbsp;tota l\u2019activitat programada.<\/p>\n<\/div>\n<\/div>\n\n\n\n<hr class=\"wp-block-separator alignfull has-alpha-channel-opacity is-style-dots\"\/>\n\n\n\n<h2 class=\"wp-block-heading\">PROGRAMACI\u00d3<\/h2>\n\n\n\n<div class=\"wp-block-columns is-layout-flex wp-container-core-columns-layout-2 wp-block-columns-is-layout-flex\">\n<div class=\"wp-block-column is-layout-flow wp-block-column-is-layout-flow\" style=\"flex-basis:33.33%\">\n<figure class=\"wp-block-image size-large\"><img loading=\"lazy\" decoding=\"async\" width=\"717\" height=\"1024\" src=\"https:\/\/uniomusicalmuro.org\/wp-content\/uploads\/2024\/07\/homentage-paco-esteve-717x1024.png\" alt=\"\" class=\"wp-image-779\" srcset=\"https:\/\/uniomusicalmuro.org\/wp-content\/uploads\/2024\/07\/homentage-paco-esteve-717x1024.png 717w, https:\/\/uniomusicalmuro.org\/wp-content\/uploads\/2024\/07\/homentage-paco-esteve-600x857.png 600w, https:\/\/uniomusicalmuro.org\/wp-content\/uploads\/2024\/07\/homentage-paco-esteve-210x300.png 210w, https:\/\/uniomusicalmuro.org\/wp-content\/uploads\/2024\/07\/homentage-paco-esteve-768x1097.png 768w, https:\/\/uniomusicalmuro.org\/wp-content\/uploads\/2024\/07\/homentage-paco-esteve-1075x1536.png 1075w, https:\/\/uniomusicalmuro.org\/wp-content\/uploads\/2024\/07\/homentage-paco-esteve.png 1102w\" sizes=\"(max-width: 717px) 100vw, 717px\" \/><\/figure>\n<\/div>\n\n\n\n<div class=\"wp-block-column is-layout-flow wp-block-column-is-layout-flow\" style=\"flex-basis:66.66%\">\n<p>DIMECRES 8 D\u2019OCTUBRE A LES 20:30H<\/p>\n\n\n\n<p>ESPAI D\u2019ART ARPELLA \u2013 ARXIU MUNICIPAL DE MURO<\/p>\n\n\n\n<p>La Uni\u00f3 Musical de Muro conjuntament amb l\u2019Excel\u00b7lent\u00edssim Ajuntament, li retren un merescut homenatge a la il\u00b7lustre figura del mestre i compositor murer Francisco Esteve Pastor. Com ja es va anunciar, s\u2019han preparat doncs, una s\u00e8rie d\u2019activitats que comencen amb la celebraci\u00f3 dels 25 anys de la desaparici\u00f3 (2014) i acabaran amb la celebraci\u00f3 dels 100 anys del naixement (2015).<\/p>\n\n\n\n<p>Dins de les activitats programades en commemoraci\u00f3 del 25\u00e9 aniversari de la desaparici\u00f3 del m\u00fasic Paco Esteve, el proper dia 8 d\u2019octubre&nbsp;<strong>Jos\u00e9 Rafael Pascual-Vilaplana i Elia Goz\u00e0lbez Esteve<\/strong>&nbsp;ens parlaran sobre la figura de l\u2019insigne compositor murer, tant des de la vessant musical com des de la personal, a la confer\u00e8ncia que tindr\u00e0 lloc el dia 8 d\u2019octubre.<\/p>\n\n\n\n<p>Una oportunitat per apropar-se i endinsar-se en la vida i obra de l\u2019 artista murer que tan bona m\u00fasica ha donat al panorama musical nacional i m\u00e9s concretament al g\u00e8nere dels moros i cristians. Compositr de peces com \u201cLa Penya el Frare\u201d, \u201c A mi Muro\u201d, \u201cBrisas de Mariosa\u201d, \u201cJuanjo\u201d, \u201cHomenaje\u201d, \u201cEntre moros va la cosa\u201d, Ben-Amen\u201d i un llarg<\/p>\n<\/div>\n<\/div>\n\n\n\n<hr class=\"wp-block-separator alignfull has-alpha-channel-opacity is-style-dots\"\/>\n\n\n\n<h2 class=\"wp-block-heading\">ACTIVITATS<\/h2>\n\n\n\n<div class=\"wp-block-columns is-layout-flex wp-container-core-columns-layout-3 wp-block-columns-is-layout-flex\">\n<div class=\"wp-block-column is-layout-flow wp-block-column-is-layout-flow\" style=\"flex-basis:33.33%\">\n<figure class=\"wp-block-image size-full is-resized\"><img loading=\"lazy\" decoding=\"async\" width=\"300\" height=\"450\" src=\"https:\/\/uniomusicalmuro.org\/wp-content\/uploads\/2024\/08\/cartell-presentacio-cd-paco_SD.jpg\" alt=\"\" class=\"wp-image-898\" style=\"width:306px;height:auto\" srcset=\"https:\/\/uniomusicalmuro.org\/wp-content\/uploads\/2024\/08\/cartell-presentacio-cd-paco_SD.jpg 300w, https:\/\/uniomusicalmuro.org\/wp-content\/uploads\/2024\/08\/cartell-presentacio-cd-paco_SD-200x300.jpg 200w\" sizes=\"(max-width: 300px) 100vw, 300px\" \/><\/figure>\n<\/div>\n\n\n\n<div class=\"wp-block-column is-layout-flow wp-block-column-is-layout-flow\" style=\"flex-basis:66.66%\">\n<p class=\"has-medium-font-size\"><strong>Presentaci\u00f3 del CD de Paco Esteve \u201cHomenaje\u201d&nbsp;<\/strong><\/p>\n\n\n\n<p>Despr\u00e9s de quasi un any des de l\u2019enregistrament, que es realitz\u00e0 el 22 i 23 de mar\u00e7 de 2014, el proper dissabte 28 de febrer de 2015 i a les 18.30 hores, vor\u00e0 la llum el CD&nbsp;homenatge a&nbsp;Paco Esteve \u201cHomenaje\u201d. El Centre Cultural de la Vila de Muro, ser\u00e0 el lloc on es presentar\u00e0 el treball de la&nbsp;banda en honor a la figura del mestre murer Paco Esteve, que ser\u00e0 dirigit pel nostre director Rafael Garcia Vidal. Les entrades, gratu\u00eftes,&nbsp;ja estan a la venda a l\u2019Oficina de Turisme de Muro.<\/p>\n\n\n\n<p>Dins de les activitats que s\u2019han organitzat i s\u2019estan organitzant durant 2014 i 2015 al poble de Muro en commemoraci\u00f3 del 25\u00e8 aniversari de la mort i el centenari del naixement de Paco Esteve, aquesta presentaci\u00f3, ser\u00e0 un dels punts culminants per la banda dins aquest homenatge, ja&nbsp;que conclou&nbsp;amb el treball&nbsp;de quasi 1 any al voltant de l\u2019enregistrament. El CD es podr\u00e0 adquirir a la finalitzaci\u00f3 del Concert al preu de 10\u20ac.<\/p>\n\n\n\n<p>Per\u00f2 la presentaci\u00f3 del CD no ser\u00e0 la primera de les activitats que es realitzaran el dissabte 28. La Uni\u00f3 Musical de Muro acompanyada per tota la gent que aix\u00ed ho desitgen i a les 17.30 hores, realitzarem un passa carrer que s\u2019iniciar\u00e0 des de la nostra seu fins la casa on va n\u00e9ixer el mestre (M\u00fasic Rafael Esteve 13), per a destapar una placa que aix\u00ed recorde aquesta efem\u00e8ride al poble de Muro.<\/p>\n<\/div>\n<\/div>\n\n\n\n<p>La Uni\u00f3 Musical de Muro espera amb molta il\u00b7lusi\u00f3 la presentaci\u00f3 d\u2019aquest CD, ja que creiem imprescindible i faltava al mon de la m\u00fasica de Banda per a Moros i Cristians, un monogr\u00e0fic que recollira la m\u00fasica del mestre Esteve. Un compositor que va marcar un abans i un despr\u00e9s amb la seua forma de composar i de crear melodies per a la festa dels Moros i Cristians. Un creador, un innovador que fusion\u00e0 diversos estils de m\u00fasica, especialment el jazz,&nbsp;per confluir en la m\u00e9s tradicional que tenim a les nostres comarques, la m\u00fasica festera. Un compositor de Muro, que esper\u00e0 a tenir la experi\u00e8ncia suficient per poder crear composicions que passaran, que han passat a la historia de la m\u00fasica festera i que perduraran en el temps, sent refer\u00e8ncia per a totes i tots els compositors que han vingut i que vindran.<\/p>\n\n\n\n<p>Us esperem a totes i a tots per a que ens acompanyeu el dissabte 28&nbsp;i gaudiu de la m\u00fasica de Paco Esteve i&nbsp;li retem l\u2019homenatge m\u00e9s gran que li se pot oferir a un m\u00fasic, que no es altre, que omplir un auditori per escoltar la seua m\u00fasica.<\/p>\n\n\n\n<div class=\"wp-block-columns is-layout-flex wp-container-core-columns-layout-4 wp-block-columns-is-layout-flex\">\n<div class=\"wp-block-column is-layout-flow wp-block-column-is-layout-flow\" style=\"flex-basis:66.66%\">\n<p class=\"has-medium-font-size\"><strong>Conferencia: \u201cEls pasdobles d\u2019Esteve a l\u2019Associaci\u00f3 de Sant Jordi\u201d<\/strong><\/p>\n\n\n\n<p>La Uni\u00f3 Musical conjuntament amb l\u2019Excel\u00b7lent\u00edssim Ajuntament de Muro enceta este 2015 amb les activitats de la celebraci\u00f3 dels 100 anys del naixement del compositor murer Francisco Esteve Pastor.<\/p>\n\n\n\n<p>Com saben, ja en 2014 vam comen\u00e7ar amb l\u2019homenatge a la figura de l\u2019il\u00b7lustre mestre i compositor Francisco Esteve Pastor pels 25 anys de la seua desaparici\u00f3 i amb els actes de la Fireta de Sant Antoni 2015, s\u2019 inicien les activitats de la celebraci\u00f3 dels 100 anys del seu naixement.<\/p>\n\n\n\n<p>El&nbsp;<strong>divendres 16 de gener<\/strong>&nbsp;a la seu de la Uni\u00f3 Musical de Muro situada al carrer Carme n\u00famero 2, a les&nbsp;<strong>20:30 hores&nbsp;<\/strong>tindr\u00e0 lloc la&nbsp;<strong>Confer\u00e8ncia \u201cEls pasdobles d\u2019Esteve a l\u2019Associaci\u00f3 de Sant Jordi\u201d<\/strong>&nbsp;a c\u00e0rrec de Frederic Oriola Vell\u00f3 historiador i Rafael Garc\u00eda Vidal, Director de la Uni\u00f3 Musical de Muro. Faran un interessant recorregut per la m\u00fasica del compositor premiada pel prestigi\u00f3s concurs de m\u00fasica festera de la associaci\u00f3 alcoiana. Desvelant-nos el secret de l\u2019\u00e8xit de Paco que va aconseguir que els seus pasdobles m\u00e9s emblem\u00e0tics foren premiats. A m\u00e9s, durant tot el cap de setmana i a la mateixa seu de la banda, tindr\u00e0 lloc la Exposici\u00f3 Fotogr\u00e0fica en homenatge a Paco Esteve en la que podrem viatjar per la seua vida i ens transportar\u00e0 als anys 40 i 60.<\/p>\n\n\n\n<p>Addicionalment, i com activitat m\u00e9s important que la Uni\u00f3 Musical de Muro va a desenvolupar al voltant a la figura de Paco Esteve, estem finalitzant la gravaci\u00f3 i edici\u00f3 d\u2019un CD i amb la finalitat de finan\u00e7ar la publicaci\u00f3 del mateix es dona la possibilitat de comprar-lo per avan\u00e7at i col\u00b7laborar com a mecenes, amb ofertes interessants que no poden adquirir-se d\u2019altra manera,com un pack amb&nbsp; els cd de la banda, o el facs\u00edmil d\u2019edici\u00f3 limitada numerada, firmat i dedicat de la portada de \u201cLa Penya el Frare\u201d o una c\u00f2pia del guions manuscrits de les peces m\u00e9s emblem\u00e0tiques de Paco.&nbsp;<strong>Ajuda\u2019ns amb el projecte CD \u201cHomenaje\u201d Paco Esteve:&nbsp;<\/strong><a href=\"http:\/\/www.verkami.com\/projects\/10360-disc-monografic-homenaje-paco-esteve\"><strong>http:\/\/www.verkami.com\/projects\/10360-disc-monografic-homenaje-paco-esteve<\/strong><\/a><\/p>\n\n\n\n<p>Queden tots convidats a la confer\u00e8ncia el dia 16 a les 20:30 hores i a visitar la nostra Fireta el proper cap de setmana, sense oblidar passar per la nostra seu per gaudir de la exposici\u00f3 fotogr\u00e0fica de Paco Esteve.<\/p>\n<\/div>\n\n\n\n<div class=\"wp-block-column is-layout-flow wp-block-column-is-layout-flow\" style=\"flex-basis:33.33%\">\n<figure class=\"wp-block-image size-large is-resized\"><img loading=\"lazy\" decoding=\"async\" width=\"727\" height=\"1024\" src=\"https:\/\/uniomusicalmuro.org\/wp-content\/uploads\/2024\/07\/paco-esteve-conferencia-rafa-727x1024.jpg\" alt=\"\" class=\"wp-image-797\" style=\"width:307px;height:auto\" srcset=\"https:\/\/uniomusicalmuro.org\/wp-content\/uploads\/2024\/07\/paco-esteve-conferencia-rafa-727x1024.jpg 727w, https:\/\/uniomusicalmuro.org\/wp-content\/uploads\/2024\/07\/paco-esteve-conferencia-rafa-scaled-600x845.jpg 600w, https:\/\/uniomusicalmuro.org\/wp-content\/uploads\/2024\/07\/paco-esteve-conferencia-rafa-213x300.jpg 213w, https:\/\/uniomusicalmuro.org\/wp-content\/uploads\/2024\/07\/paco-esteve-conferencia-rafa-768x1082.jpg 768w, https:\/\/uniomusicalmuro.org\/wp-content\/uploads\/2024\/07\/paco-esteve-conferencia-rafa-1090x1536.jpg 1090w, https:\/\/uniomusicalmuro.org\/wp-content\/uploads\/2024\/07\/paco-esteve-conferencia-rafa-1454x2048.jpg 1454w, https:\/\/uniomusicalmuro.org\/wp-content\/uploads\/2024\/07\/paco-esteve-conferencia-rafa-scaled.jpg 1817w\" sizes=\"(max-width: 727px) 100vw, 727px\" \/><\/figure>\n\n\n\n<figure class=\"wp-block-image size-large\"><img loading=\"lazy\" decoding=\"async\" width=\"1024\" height=\"576\" src=\"https:\/\/uniomusicalmuro.org\/wp-content\/uploads\/2024\/07\/20150116_212514-1024x576.jpg\" alt=\"\" class=\"wp-image-772\" srcset=\"https:\/\/uniomusicalmuro.org\/wp-content\/uploads\/2024\/07\/20150116_212514-1024x576.jpg 1024w, https:\/\/uniomusicalmuro.org\/wp-content\/uploads\/2024\/07\/20150116_212514-scaled-600x338.jpg 600w, https:\/\/uniomusicalmuro.org\/wp-content\/uploads\/2024\/07\/20150116_212514-300x169.jpg 300w, https:\/\/uniomusicalmuro.org\/wp-content\/uploads\/2024\/07\/20150116_212514-768x432.jpg 768w, https:\/\/uniomusicalmuro.org\/wp-content\/uploads\/2024\/07\/20150116_212514-1536x864.jpg 1536w, https:\/\/uniomusicalmuro.org\/wp-content\/uploads\/2024\/07\/20150116_212514-2048x1152.jpg 2048w\" sizes=\"(max-width: 1024px) 100vw, 1024px\" \/><\/figure>\n<\/div>\n<\/div>\n\n\n\n<div class=\"wp-block-columns is-layout-flex wp-container-core-columns-layout-5 wp-block-columns-is-layout-flex\">\n<div class=\"wp-block-column is-layout-flow wp-block-column-is-layout-flow\" style=\"flex-basis:33.33%\">\n<figure class=\"wp-block-image size-large\"><img loading=\"lazy\" decoding=\"async\" width=\"724\" height=\"1024\" src=\"https:\/\/uniomusicalmuro.org\/wp-content\/uploads\/2024\/01\/paco-esteve-taula-redona-724x1024.jpg\" alt=\"\" class=\"wp-image-720\" srcset=\"https:\/\/uniomusicalmuro.org\/wp-content\/uploads\/2024\/01\/paco-esteve-taula-redona-724x1024.jpg 724w, https:\/\/uniomusicalmuro.org\/wp-content\/uploads\/2024\/01\/paco-esteve-taula-redona-212x300.jpg 212w, https:\/\/uniomusicalmuro.org\/wp-content\/uploads\/2024\/01\/paco-esteve-taula-redona-768x1086.jpg 768w, https:\/\/uniomusicalmuro.org\/wp-content\/uploads\/2024\/01\/paco-esteve-taula-redona-1086x1536.jpg 1086w, https:\/\/uniomusicalmuro.org\/wp-content\/uploads\/2024\/01\/paco-esteve-taula-redona-1448x2048.jpg 1448w, https:\/\/uniomusicalmuro.org\/wp-content\/uploads\/2024\/01\/paco-esteve-taula-redona-scaled.jpg 1810w\" sizes=\"(max-width: 724px) 100vw, 724px\" \/><\/figure>\n<\/div>\n\n\n\n<div class=\"wp-block-column is-layout-flow wp-block-column-is-layout-flow\" style=\"flex-basis:66.66%\">\n<p class=\"has-medium-font-size\"><strong>Taula Rodona: LA M\u00daSICA DE PACO ESTEVE<\/strong><\/p>\n\n\n\n<p><strong>El pr\u00f2xim divendres 5 de novembre de 2014 a les 20 hores&nbsp;i a la Sala d\u2019Assajos de la Uni\u00f3 Musical de Muro<\/strong>, coincidint amb la deliberaci\u00f3 del V PREMI INTERNACIONAL DE COMPOSICI\u00d3 DE M\u00daSICA PER A BANDA VILA DE MURO 2015 i amb els actes d\u2019homenatge que estan realitzant a Muro en mem\u00f2ria del mestre&nbsp;Francisco&nbsp;Esteve Pastor, els mateixos compositors que formen part del jurat dels premis de composici\u00f3,&nbsp;realitzaran una Taula Rodona al voltant de la m\u00fasica del mestre murer. En ella,&nbsp;els compositors convidats&nbsp; Josep Vicent Egea&nbsp;Insa, Oscar Navarro Gonz\u00e1lez i Jan de&nbsp;Haan, i l\u2019assessor dels premis, el&nbsp;nostre mestre murer&nbsp;Jos\u00e9&nbsp;Rafael&nbsp;Pascual-Vilaplana,&nbsp;analitzar\u00e0 cadascun d\u2019ells&nbsp;una de les creacions musicals per a m\u00fasica festera del mestre Esteve i ens analitzaran les mateixes, la idiosincr\u00e0sia de la seua obra i la influ\u00e8ncia de la m\u00fasica del mestre Esteve en les festes de Moros i Cristians de les nostres comarques.<\/p>\n\n\n\n<p>Una activitat interessant, al voltant de la m\u00fasica de Moros i Cristians i de la figura de&nbsp;Paco&nbsp;Esteve, que tanta composici\u00f3 de gran qualitat regal\u00e0 a aquest g\u00e8nere al llarg dels seus anys de composici\u00f3, i que ens dur\u00e0 a la nostra poblaci\u00f3 i a la seu de la Uni\u00f3 Musical, quatre compositors de primera l\u00ednia del panorama compositiu mundial.<\/p>\n<\/div>\n<\/div>\n\n\n\n<div class=\"wp-block-columns is-layout-flex wp-container-core-columns-layout-6 wp-block-columns-is-layout-flex\">\n<div class=\"wp-block-column is-layout-flow wp-block-column-is-layout-flow\" style=\"flex-basis:66.66%\">\n<p class=\"has-medium-font-size\"><strong>Confer\u00e8ncia&nbsp;VIDA I OBRA DE PACO ESTEVE<\/strong><\/p>\n\n\n\n<p>DIMECRES 8 D\u2019OCTUBRE A LES 20:30H AL ESPAI D\u2019ART ARPELLA \u2013 ARXIU MUNICIPAL DE MURO<\/p>\n\n\n\n<p>La Uni\u00f3 Musical de Muro conjuntament amb l\u2019Excel\u00b7lent\u00edssim Ajuntament, li retren un merescut homenatge a la il\u00b7lustre figura del mestre i compositor murer Francisco Esteve Pastor. Com ja es va anunciar, s\u2019han preparat doncs, una s\u00e8rie d\u2019activitats que comencen amb la celebraci\u00f3 dels 25 anys de la desaparici\u00f3 (2014) i acabaran amb la celebraci\u00f3 dels 100 anys del naixement (2015).<\/p>\n\n\n\n<p>Dins de les activitats programades en commemoraci\u00f3 del 25\u00e9 aniversari de la desaparici\u00f3 del m\u00fasic Paco Esteve, el proper dia 8 d\u2019octubre&nbsp;<strong>Jos\u00e9 Rafael Pascual-Vilaplana i Elia Goz\u00e0lbez Esteve<\/strong>&nbsp;ens parlaran sobre la figura de l\u2019insigne compositor murer, tant des de la vessant musical com des de la personal, a la confer\u00e8ncia que tindr\u00e0 lloc el dia 8 d\u2019octubre.<\/p>\n\n\n\n<p>Una oportunitat per apropar-se i endinsar-se en la vida i obra de l\u2019 artista murer que tan bona m\u00fasica ha donat al panorama musical nacional i m\u00e9s concretament al g\u00e8nere dels moros i cristians. Compositr de peces com \u201cLa Penya el Frare\u201d, \u201c A mi Muro\u201d, \u201cBrisas de Mariosa\u201d, \u201cJuanjo\u201d, \u201cHomenaje\u201d, \u201cEntre moros va la cosa\u201d, Ben-Amen\u201d i un llarg etc\u00e9tera.<\/p>\n<\/div>\n\n\n\n<div class=\"wp-block-column is-layout-flow wp-block-column-is-layout-flow\" style=\"flex-basis:33.33%\">\n<figure class=\"wp-block-image size-large\"><img loading=\"lazy\" decoding=\"async\" width=\"724\" height=\"1024\" src=\"https:\/\/uniomusicalmuro.org\/wp-content\/uploads\/2024\/07\/paco-esteve-confe-724x1024.jpg\" alt=\"\" class=\"wp-image-796\" srcset=\"https:\/\/uniomusicalmuro.org\/wp-content\/uploads\/2024\/07\/paco-esteve-confe-724x1024.jpg 724w, https:\/\/uniomusicalmuro.org\/wp-content\/uploads\/2024\/07\/paco-esteve-confe-scaled-600x849.jpg 600w, https:\/\/uniomusicalmuro.org\/wp-content\/uploads\/2024\/07\/paco-esteve-confe-212x300.jpg 212w, https:\/\/uniomusicalmuro.org\/wp-content\/uploads\/2024\/07\/paco-esteve-confe-768x1086.jpg 768w, https:\/\/uniomusicalmuro.org\/wp-content\/uploads\/2024\/07\/paco-esteve-confe-1086x1536.jpg 1086w, https:\/\/uniomusicalmuro.org\/wp-content\/uploads\/2024\/07\/paco-esteve-confe-1448x2048.jpg 1448w, https:\/\/uniomusicalmuro.org\/wp-content\/uploads\/2024\/07\/paco-esteve-confe-scaled.jpg 1810w\" sizes=\"(max-width: 724px) 100vw, 724px\" \/><\/figure>\n<\/div>\n<\/div>\n","protected":false},"excerpt":{"rendered":"<p>PRESENTACI\u00d3 El passat dimarts 29 d\u2019abril de 2014 a les 12 hores i en la Seu&#8230;<\/p>\n","protected":false},"author":2,"featured_media":798,"parent":54,"menu_order":2,"comment_status":"closed","ping_status":"closed","template":"","meta":{"footnotes":""},"_links":{"self":[{"href":"https:\/\/uniomusicalmuro.org\/index.php?rest_route=\/wp\/v2\/pages\/706"}],"collection":[{"href":"https:\/\/uniomusicalmuro.org\/index.php?rest_route=\/wp\/v2\/pages"}],"about":[{"href":"https:\/\/uniomusicalmuro.org\/index.php?rest_route=\/wp\/v2\/types\/page"}],"author":[{"embeddable":true,"href":"https:\/\/uniomusicalmuro.org\/index.php?rest_route=\/wp\/v2\/users\/2"}],"replies":[{"embeddable":true,"href":"https:\/\/uniomusicalmuro.org\/index.php?rest_route=%2Fwp%2Fv2%2Fcomments&post=706"}],"version-history":[{"count":15,"href":"https:\/\/uniomusicalmuro.org\/index.php?rest_route=\/wp\/v2\/pages\/706\/revisions"}],"predecessor-version":[{"id":904,"href":"https:\/\/uniomusicalmuro.org\/index.php?rest_route=\/wp\/v2\/pages\/706\/revisions\/904"}],"up":[{"embeddable":true,"href":"https:\/\/uniomusicalmuro.org\/index.php?rest_route=\/wp\/v2\/pages\/54"}],"wp:featuredmedia":[{"embeddable":true,"href":"https:\/\/uniomusicalmuro.org\/index.php?rest_route=\/wp\/v2\/media\/798"}],"wp:attachment":[{"href":"https:\/\/uniomusicalmuro.org\/index.php?rest_route=%2Fwp%2Fv2%2Fmedia&parent=706"}],"curies":[{"name":"wp","href":"https:\/\/api.w.org\/{rel}","templated":true}]}}